{"id":5116,"date":"2020-10-18T12:34:13","date_gmt":"2020-10-18T12:34:13","guid":{"rendered":"http:\/\/renatofirenze.com\/?page_id=5116"},"modified":"2024-08-22T15:06:47","modified_gmt":"2024-08-22T15:06:47","slug":"privacy-policy","status":"publish","type":"page","link":"https:\/\/renatofirenze.com\/en\/privacy-policy\/","title":{"rendered":"Privacy Policy"},"content":{"rendered":"<p><strong>Informativa e Richiesta consenso<\/strong><\/p>\n<p>Ai sensi del Regolamento Generale sulla Protezione dei Dati (Regolamento UE 2016\/679)<\/p>\n<p>&nbsp;<\/p>\n<p><strong>Gentile interessato, secondo la normativa indicata, i nostri trattamenti saranno improntati ai principi di correttezza, liceit\u00e0, trasparenza e di tutela della Sua riservatezza e dei Suoi diritti. Ai sensi dell&#8217;articolo 13 del GDPR 2016\/679, pertanto, Le forniamo le seguenti informazioni:<\/strong><\/p>\n<p><strong>\u00a0<\/strong><\/p>\n<p><strong>TRATTAMENTO A CUI FA RIFERIMENTO L&#8217;INFORMATIVA: Gestione Cliente &#8211; <\/strong>Gestione rapporto con il Cliente.<\/p>\n<p><strong>Queste le categorie interessati: <\/strong>Clienti<\/p>\n<p><strong>Queste le categorie destinatari: <\/strong>Consulenti e liberi professionisti in forma singola o associata, Fornitori, Personale dipendente, Societ\u00e0 gestione servizio Reminder<\/p>\n<p><strong>Questi i campi trattati:<\/strong><\/p>\n<p>Clienti &#8211; <em>Dati Bancari Clienti, Dati di contatto Clienti, Dati identificativi Clienti; <\/em>Posta Elettronica &#8211; <em>Rubrica Posta Elettronica<\/em><\/p>\n<p><strong>I dati sono trattati in queste modalit\u00e0: <\/strong>Elettronica e cartacea<\/p>\n<p><strong>Le finalit\u00e0 del trattamento: <\/strong>L&#8217;azienda Coiffeur Renato di Landi C Fini V. e C. S.n.c., tramite il trattamento &#8220;Gestione Cliente&#8221;, tratta i sopraindicati dati per: la gestione, formalizzazione ove richiesto ed esecuzione di ogni attivit\u00e0 prettamente connessa alla prestazione richiesta; la gestione delle prenotazioni anche per il tramite del servizio di &#8220;Reminder&#8221; (conferma appuntamento) tramite l&#8217;invio di SMS; lo svolgimento di ogni attivit\u00e0 precontrattuale quale l&#8217;evasione dei preventivi e\/o di ogni altra informazione richiesta; la relativa fatturazione e gestione dei pagamenti; per qualsiasi comunicazione (tramite e- mail. Posta, sms, contatti telefonici) all&#8217;interessato e\/ o a terzi fornitori inerente l&#8217;espletamento della prestazione; la gestione di eventuali contenziosi; per l&#8217;adempimento degli obblighi contabili e fiscali, di ogni altro obbligo derivante dal Contratto e\/o dalla legge.<\/p>\n<p>Il Data Processor e il Data Controller vigilano per garantire agli interessati che i dati saranno trattati solo per la finalit\u00e0 dichiarata e solo per la parte strettamente necessaria al trattamento. Si impegnano inoltre, entro i limiti della ragionevolezza, a modificare e correggere tutti i dati che risultano nel frattempo diversi dagli originali, a tenerli sempre aggiornati e a cancellare tutti quei dati che risultano eccedenti al trattamento dichiarato.<\/p>\n<p><strong>Il trattamento segue i seguenti criteri di liceit\u00e0:<\/strong><\/p>\n<p>Adempimento obblighi contrattuali, interesse legittimo prevalente del titolare, obblighi di legge cui \u00e8 soggetto il titolare.<\/p>\n<p><strong>Per le seguenti motivazioni:<\/strong><\/p>\n<p>&#8211; adempimento obblighi contrattuali;<\/p>\n<p>&#8211; adempimento agli obblighi prescritti dalla legge, ovvero ogni obbligo derivante dalla legge, regolamenti, normative comunitarie, ordini e prescrizioni delle autorit\u00e0 competenti, con particolare riferimento agli obblighi di natura amministrativa, contabile e fiscale;<\/p>\n<p>&#8211; interesse legittimo prevalente del titolare, ai sensi dell&#8217;art. 6, co. lett f), ci si riferisce ad ogni trattamento necessario per il perseguimento del legittimo interesse del titolare del trattamento o di terzi, a condizione che non prevalgono gli interessi o i diritti e le libert\u00e0 fondamentali dell&#8217;interessato che richiedono la protezione dei dati personali, in particolare se l&#8217;interessato \u00e8 un minore. Nel caso di specie, ci si riferisce all&#8217;interesse del Titolare a gestire eventuali reclami, contenziosi e pi\u00f9 in generale l&#8217;interesse del medesimo a difendere i propri diritti in giudizio.<\/p>\n<p>Trovando il presente trattamento e le finalit\u00e0 sopra indicate fondamento giuridico nei criteri di liceit\u00e0 sopra indicati, si precisa che per dette finalit\u00e0 non sar\u00e0 necessario il consenso dell\u2019Interessato.Il conferimento dei dati da parte dell&#8217;Interessato non \u00e8 obbligatorio pur essendo comunque necessario per l&#8217;esecuzione della prestazione richiesta ed al fine di consentire all&#8217;azienda di adempiere agli obblighi di legge a cui \u00e8 soggetta. L&#8217;eventuale rifiuto di conferire i dati per questa finalit\u00e0 comporter\u00e0 l&#8217;impossibilit\u00e0 di concludere il contratto con l&#8217;azienda.<\/p>\n<p><strong>Articolo 8 (dati riguardanti i minori):<\/strong><\/p>\n<p>Nel trattamento &#8220;Gestione Cliente&#8221; non vengono trattati dati di minori.<\/p>\n<p><strong>Articolo 9 (dati sanitari, biometrici e giudiziari):<\/strong><\/p>\n<p>Nel trattamento &#8220;Gestione Cliente&#8221; non vengono trattati dati sanitari, biometrici e giudiziari.<\/p>\n<p><strong>Durata del trattamento:<\/strong><\/p>\n<p>Il trattamento &#8220;Gestione Cliente&#8221; ha durata indefinita: L&#8217;azienda dichiara il trattamento &#8220;Gestione Clienti&#8221; con data indefinita in quanto i dati personali saranno conservati fino a che saranno necessari per dar seguito alle finalit\u00e0 per le quali sono stati raccolti. In ogni caso, i dati personali saranno conservati per tutto il tempo necessario per consentire al Titolare di far fronte all&#8217;adempimento degli obblighi di legge, fiscali e contabili che dovessero sussistere anche dopo la cessazione del rapporto. Il Data controller e il Data processor vigileranno affinch\u00e9 si possa garantire agli interessati che, una volta raggiunte le finalit\u00e0 del presente trattamento, i dati verranno cancellati.<\/p>\n<p><strong>Profilazione:<\/strong><\/p>\n<p>Il trattamento non riguarda processi automatizzati o di profilazione.<\/p>\n<p><strong>Trasferimento dei dati di questo trattamento:<\/strong><\/p>\n<p>I dati non vengono trasferiti in paesi extra UE<\/p>\n<p><strong>DATA CONTROLLER: <\/strong>Coiffeur Renato di Landi C. Fini V. e C. S.n.c. (<span id=\"cloak057ab92c27016716205b7cf27233b61a\"><a href=\"mailto:info@renatocoiffeur.com\">info@renatocoiffeur.com<\/a><\/span>)<\/p>\n<p><strong>DATA PROCESSOR: <\/strong>Claudio Landi (<span id=\"cloakf31003fb826b648cd5d34113cdef8428\"><a href=\"mailto:claudio@renatocoiffeur.com\">claudio@renatocoiffeur.com<\/a><\/span>)<\/p>\n<p><strong>\u00a0<\/strong><\/p>\n<p><strong>Diritti degli interessati<\/strong><\/p>\n<p>Lei potr\u00e0, in qualsiasi momento, esercitare i seguenti diritti:<\/p>\n<p>&#8211; accesso ai dati personali;<\/p>\n<p>&#8211; ottenere la rettifica o la cancellazione degli stessi o la limitazione del trattamento che lo riguardano;<\/p>\n<p>&#8211; opporsi al trattamento;<\/p>\n<p>&#8211; portabilit\u00e0 dei dati;<\/p>\n<p>&#8211; revoca del consenso, ove previsto: la revoca del consenso non pregiudica la liceit\u00e0 del trattamento basata sul consenso conferito prima della revoca;<\/p>\n<p>&#8211; proporre reclamo all&#8217;autorit\u00e0 di controllo (Garante Privacy).<\/p>\n","protected":false},"excerpt":{"rendered":"<p>Informativa e Richiesta consenso Ai sensi del Regolamento Generale sulla Protezione dei Dati (Regolamento UE 2016\/679) &nbsp; Gentile&hellip;<\/p>\n","protected":false},"author":1,"featured_media":0,"parent":0,"menu_order":0,"comment_status":"closed","ping_status":"closed","template":"","meta":{"_eb_attr":"","footnotes":""},"class_list":["post-5116","page","type-page","status-publish","hentry"],"_links":{"self":[{"href":"https:\/\/renatofirenze.com\/en\/wp-json\/wp\/v2\/pages\/5116","targetHints":{"allow":["GET"]}}],"collection":[{"href":"https:\/\/renatofirenze.com\/en\/wp-json\/wp\/v2\/pages"}],"about":[{"href":"https:\/\/renatofirenze.com\/en\/wp-json\/wp\/v2\/types\/page"}],"author":[{"embeddable":true,"href":"https:\/\/renatofirenze.com\/en\/wp-json\/wp\/v2\/users\/1"}],"replies":[{"embeddable":true,"href":"https:\/\/renatofirenze.com\/en\/wp-json\/wp\/v2\/comments?post=5116"}],"version-history":[{"count":0,"href":"https:\/\/renatofirenze.com\/en\/wp-json\/wp\/v2\/pages\/5116\/revisions"}],"wp:attachment":[{"href":"https:\/\/renatofirenze.com\/en\/wp-json\/wp\/v2\/media?parent=5116"}],"curies":[{"name":"wp","href":"https:\/\/api.w.org\/{rel}","templated":true}]}}